{"id":1939,"date":"2025-10-23T22:14:50","date_gmt":"2025-10-23T21:14:50","guid":{"rendered":"https:\/\/www.agglomed.com\/?page_id=1939"},"modified":"2026-03-13T19:12:58","modified_gmt":"2026-03-13T18:12:58","slug":"inscription-residence-et-atelier","status":"publish","type":"page","link":"https:\/\/www.agglomed.com\/?page_id=1939","title":{"rendered":"Salon de l\u00b4Ecrivain"},"content":{"rendered":"<p>[et_pb_section fb_built=\u00a0\u00bb1&Prime; admin_label=\u00a0\u00bbHeader\u00a0\u00bb _builder_version=\u00a0\u00bb4.27.4&Prime; _module_preset=\u00a0\u00bbdefault\u00a0\u00bb background_color=\u00a0\u00bb#0c0570&Prime; background_image=\u00a0\u00bbhttp:\/\/www.agglomed.com\/wp-content\/uploads\/2025\/10\/469607066_1572819240032361_487682352203817524_n.jpg\u00a0\u00bb background_size=\u00a0\u00bbcontain\u00a0\u00bb custom_padding=\u00a0\u00bb3vw||3vw||true|false\u00a0\u00bb collapsed=\u00a0\u00bbon\u00a0\u00bb global_colors_info=\u00a0\u00bb{%22gcid-9d5d11f9-d654-432d-8206-34ad20a6d54e%22:%91%22background_color%22%93}\u00a0\u00bb][et_pb_row column_structure=\u00a0\u00bb2_3,1_3&Prime; _builder_version=\u00a0\u00bb4.25.1&Prime; _module_preset=\u00a0\u00bbdefault\u00a0\u00bb max_width=\u00a0\u00bbnone\u00a0\u00bb custom_padding=\u00a0\u00bb||18px|||\u00a0\u00bb global_colors_info=\u00a0\u00bb{}\u00a0\u00bb][et_pb_column type=\u00a0\u00bb2_3&Prime; _builder_version=\u00a0\u00bb4.25.1&Prime; _module_preset=\u00a0\u00bbdefault\u00a0\u00bb global_colors_info=\u00a0\u00bb{}\u00a0\u00bb][et_pb_heading title_tablet=\u00a0\u00bbSalon africain de l\u00b4Ecrivain\u00a0\u00bb title_phone=\u00a0\u00bbSalon africain de l\u00b4Ecrivain\u00a0\u00bb title_last_edited=\u00a0\u00bbon|phone\u00a0\u00bb _builder_version=\u00a0\u00bb4.27.4&Prime; _module_preset=\u00a0\u00bb5d7442a9-ad1a-4521-9e7b-9b4f6341fd7f\u00a0\u00bb title_level=\u00a0\u00bbh3&Prime; title_text_color=\u00a0\u00bb#FFFFFF\u00a0\u00bb title_font_size=\u00a0\u00bb19px\u00a0\u00bb custom_padding=\u00a0\u00bb||4px|||\u00a0\u00bb global_colors_info=\u00a0\u00bb{}\u00a0\u00bb][\/et_pb_heading][\/et_pb_column][et_pb_column type=\u00a0\u00bb1_3&Prime; _builder_version=\u00a0\u00bb4.25.1&Prime; _module_preset=\u00a0\u00bbdefault\u00a0\u00bb custom_padding=\u00a0\u00bb2%||||false|false\u00a0\u00bb global_colors_info=\u00a0\u00bb{}\u00a0\u00bb][et_pb_heading title=\u00a0\u00bb\u00c9dition 2026&Prime; _builder_version=\u00a0\u00bb4.27.5&Prime; _module_preset=\u00a0\u00bb22debb96-df0f-4f9c-b039-9d4f56512db8&Prime; title_text_align=\u00a0\u00bbcenter\u00a0\u00bb title_text_color=\u00a0\u00bb#FFFFFF\u00a0\u00bb background_color=\u00a0\u00bb#E09900&Prime; module_alignment=\u00a0\u00bbleft\u00a0\u00bb custom_margin=\u00a0\u00bb||10px||false|false\u00a0\u00bb border_radii=\u00a0\u00bbon|7px|7px|7px|7px\u00a0\u00bb global_colors_info=\u00a0\u00bb{}\u00a0\u00bb][\/et_pb_heading][et_pb_text _builder_version=\u00a0\u00bb4.27.4&Prime; _module_preset=\u00a0\u00bb6c688146-61c0-4425-a198-dbc71c35470b\u00a0\u00bb text_font_size=\u00a0\u00bb16px\u00a0\u00bb global_colors_info=\u00a0\u00bb{%22gcid-9d5d11f9-d654-432d-8206-34ad20a6d54e%22:%91%22link_text_color%22,%22link_text_color%22%93}\u00a0\u00bb]<\/p>\n<h4><\/h4>\n<p>[\/et_pb_text][\/et_pb_column][\/et_pb_row][et_pb_row column_structure=\u00a0\u00bb1_4,3_4&Prime; make_equal=\u00a0\u00bbon\u00a0\u00bb _builder_version=\u00a0\u00bb4.27.4&Prime; _module_preset=\u00a0\u00bbdefault\u00a0\u00bb max_width=\u00a0\u00bb85.6%\u00a0\u00bb custom_margin=\u00a0\u00bb|auto|-3px|22px||\u00a0\u00bb custom_padding=\u00a0\u00bb1px|0px|19px|||\u00a0\u00bb global_colors_info=\u00a0\u00bb{}\u00a0\u00bb][et_pb_column type=\u00a0\u00bb1_4&Prime; _builder_version=\u00a0\u00bb4.25.1&Prime; _module_preset=\u00a0\u00bbdefault\u00a0\u00bb background_color=\u00a0\u00bb#FFFFFF\u00a0\u00bb global_colors_info=\u00a0\u00bb{}\u00a0\u00bb][et_pb_image src=\u00a0\u00bbhttp:\/\/www.agglomed.com\/wp-content\/uploads\/2025\/12\/Affiche-Salon-Mappe-scaled.png\u00a0\u00bb title_text=\u00a0\u00bbAffiche-Salon-Mappe\u00a0\u00bb _builder_version=\u00a0\u00bb4.27.5&Prime; _module_preset=\u00a0\u00bbdefault\u00a0\u00bb min_height=\u00a0\u00bb223px\u00a0\u00bb custom_margin=\u00a0\u00bb||-4px|||\u00a0\u00bb custom_padding=\u00a0\u00bb0px||3px|||\u00a0\u00bb global_colors_info=\u00a0\u00bb{}\u00a0\u00bb][\/et_pb_image][\/et_pb_column][et_pb_column type=\u00a0\u00bb3_4&Prime; _builder_version=\u00a0\u00bb4.27.4&Prime; _module_preset=\u00a0\u00bbdefault\u00a0\u00bb custom_padding=\u00a0\u00bb60px||60px||true|false\u00a0\u00bb custom_padding_tablet=\u00a0\u00bb30px||30px||true|false\u00a0\u00bb custom_padding_phone=\u00a0\u00bb20px||20px||true|false\u00a0\u00bb custom_padding_last_edited=\u00a0\u00bbon|desktop\u00a0\u00bb border_color_all=\u00a0\u00bb#FFFFFF\u00a0\u00bb global_colors_info=\u00a0\u00bb{}\u00a0\u00bb][\/et_pb_column][\/et_pb_row][\/et_pb_section][et_pb_section fb_built=\u00a0\u00bb1&Prime; _builder_version=\u00a0\u00bb4.27.4&Prime; _module_preset=\u00a0\u00bbdefault\u00a0\u00bb background_color=\u00a0\u00bb#e8e8e8&Prime; custom_padding=\u00a0\u00bb11px||4px|||\u00a0\u00bb global_colors_info=\u00a0\u00bb{}\u00a0\u00bb][et_pb_row _builder_version=\u00a0\u00bb4.27.4&Prime; _module_preset=\u00a0\u00bbdefault\u00a0\u00bb custom_padding=\u00a0\u00bb0px||6px|||\u00a0\u00bb border_radii=\u00a0\u00bbon|7px|7px|7px|7px\u00a0\u00bb global_colors_info=\u00a0\u00bb{}\u00a0\u00bb][et_pb_column type=\u00a0\u00bb4_4&Prime; _builder_version=\u00a0\u00bb4.27.4&Prime; _module_preset=\u00a0\u00bbdefault\u00a0\u00bb global_colors_info=\u00a0\u00bb{}\u00a0\u00bb][et_pb_image src=\u00a0\u00bbhttp:\/\/www.agglomed.com\/wp-content\/uploads\/2026\/01\/Programme-Salon-A42.png\u00a0\u00bb _builder_version=\u00a0\u00bb4.27.6&Prime; _module_preset=\u00a0\u00bbdefault\u00a0\u00bb title_text=\u00a0\u00bbProgramme Salon A42&Prime; hover_enabled=\u00a0\u00bb0&Prime; sticky_enabled=\u00a0\u00bb0&Prime;][\/et_pb_image][\/et_pb_column][\/et_pb_row][\/et_pb_section][et_pb_section fb_built=\u00a0\u00bb1&Prime; admin_label=\u00a0\u00bbAbout\u00a0\u00bb _builder_version=\u00a0\u00bb4.27.4&Prime; _module_preset=\u00a0\u00bbdefault\u00a0\u00bb background_color=\u00a0\u00bb#d8d8d8&Prime; min_height=\u00a0\u00bb752.7px\u00a0\u00bb overflow-x=\u00a0\u00bbhidden\u00a0\u00bb overflow-y=\u00a0\u00bbhidden\u00a0\u00bb custom_padding=\u00a0\u00bb20px||47px|||\u00a0\u00bb collapsed=\u00a0\u00bbon\u00a0\u00bb global_colors_info=\u00a0\u00bb{}\u00a0\u00bb][et_pb_row column_structure=\u00a0\u00bb1_2,1_2&Prime; _builder_version=\u00a0\u00bb4.25.1&Prime; _module_preset=\u00a0\u00bbdefault\u00a0\u00bb custom_margin=\u00a0\u00bb-2px|auto||auto||\u00a0\u00bb custom_padding=\u00a0\u00bb0px|||||\u00a0\u00bb global_colors_info=\u00a0\u00bb{}\u00a0\u00bb][et_pb_column type=\u00a0\u00bb1_2&Prime; _builder_version=\u00a0\u00bb4.25.1&Prime; _module_preset=\u00a0\u00bbdefault\u00a0\u00bb custom_padding=\u00a0\u00bb10%||||false|false\u00a0\u00bb custom_padding_tablet=\u00a0\u00bb0px||||false|false\u00a0\u00bb custom_padding_phone=\u00a0\u00bb0px||||false|false\u00a0\u00bb custom_padding_last_edited=\u00a0\u00bbon|desktop\u00a0\u00bb global_colors_info=\u00a0\u00bb{}\u00a0\u00bb][et_pb_heading title=\u00a0\u00bb\u00c0 propos du Salon de l\u00b4Ecrivain\u00a0\u00bb _builder_version=\u00a0\u00bb4.27.4&Prime; _module_preset=\u00a0\u00bb91cbc82d-8f73-418a-8726-9c850a6657cf\u00a0\u00bb title_text_color=\u00a0\u00bbgcid-9d5d11f9-d654-432d-8206-34ad20a6d54e\u00a0\u00bb global_colors_info=\u00a0\u00bb{%22gcid-9d5d11f9-d654-432d-8206-34ad20a6d54e%22:%91%22title_text_color%22%93}\u00a0\u00bb][\/et_pb_heading][et_pb_heading title=\u00a0\u00bbUn \u00e9v\u00e9nement unique en son genre\u00a0\u00bb _builder_version=\u00a0\u00bb4.27.4&Prime; _module_preset=\u00a0\u00bb885db4d9-997c-4995-a7b7-53c10e610df1&Prime; title_font=\u00a0\u00bbInter|500|on||||||\u00a0\u00bb title_text_color=\u00a0\u00bb#aa3600&Prime; title_font_size=\u00a0\u00bb26px\u00a0\u00bb custom_margin=\u00a0\u00bb||||false|false\u00a0\u00bb title_font_size_phone=\u00a0\u00bb17px\u00a0\u00bb global_colors_info=\u00a0\u00bb{}\u00a0\u00bb][\/et_pb_heading][et_pb_text _builder_version=\u00a0\u00bb4.27.4&Prime; _module_preset=\u00a0\u00bb4e1b3ff1-54f3-4d1a-8c23-f9028f7b494b\u00a0\u00bb global_colors_info=\u00a0\u00bb{}\u00a0\u00bb]<\/p>\n<p>Cr\u00e9\u00e9 pour d\u00e9fendre et valoriser la plume africaine et offrir une tribune d\u2019expression aux \u00e9crivains du continent et de la diaspora, <b>le Salon Africain de l\u2019\u00c9crivain<\/b> (SAE) s\u2019est impos\u00e9 au fil des ann\u00e9es comme un espace de rencontre entre auteurs, \u00e9diteurs, lecteurs, chercheurs et institutions culturelles.\u00a0<\/p>\n<p>Le nouveau cycle du Salon s\u2019ouvrira par une <b>Semaine de R\u00e9sidence Litt\u00e9raire Africaine<\/b>,<span class=\"Apple-converted-space\">\u00a0 <\/span>et se poursuivra du <b>26 janvier au 3 f\u00e9vrier 2026<\/b> \u00e0 <b>Yaound\u00e9 et Maroua<\/b>, avec la participation d\u2019\u00e9crivains, d\u2019\u00e9diteurs, d\u2019universitaires et d\u2019artistes issus de plusieurs horizons.<\/p>\n<p>[\/et_pb_text][\/et_pb_column][et_pb_column type=\u00a0\u00bb1_2&Prime; _builder_version=\u00a0\u00bb4.25.1&Prime; _module_preset=\u00a0\u00bbdefault\u00a0\u00bb global_colors_info=\u00a0\u00bb{}\u00a0\u00bb][et_pb_image src=\u00a0\u00bbhttp:\/\/www.agglomed.com\/wp-content\/uploads\/2025\/10\/469607066_1572819240032361_487682352203817524_n.jpg\u00a0\u00bb title_text=\u00a0\u00bb469607066_1572819240032361_487682352203817524_n\u00a0\u00bb _builder_version=\u00a0\u00bb4.27.4&Prime; _module_preset=\u00a0\u00bbdefault\u00a0\u00bb custom_margin=\u00a0\u00bb|-30%|||false|false\u00a0\u00bb custom_margin_tablet=\u00a0\u00bb|0vw|||false|false\u00a0\u00bb custom_margin_phone=\u00a0\u00bb|0vw|||false|false\u00a0\u00bb custom_margin_last_edited=\u00a0\u00bbon|tablet\u00a0\u00bb scroll_vertical_motion_enable=\u00a0\u00bbon\u00a0\u00bb scroll_vertical_motion=\u00a0\u00bb0|50|50|100|1|0|-1&Prime; global_colors_info=\u00a0\u00bb{}\u00a0\u00bb][\/et_pb_image][et_pb_image src=\u00a0\u00bbhttp:\/\/www.agglomed.com\/wp-content\/uploads\/2025\/10\/52090391_2273905686156071_2095412516770283520_n-1.jpg\u00a0\u00bb title_text=\u00a0\u00bb52090391_2273905686156071_2095412516770283520_n-1&Prime; _builder_version=\u00a0\u00bb4.27.4&Prime; _module_preset=\u00a0\u00bbdefault\u00a0\u00bb global_colors_info=\u00a0\u00bb{}\u00a0\u00bb][\/et_pb_image][\/et_pb_column][\/et_pb_row][\/et_pb_section][et_pb_section fb_built=\u00a0\u00bb1&Prime; admin_label=\u00a0\u00bbWorkshops\u00a0\u00bb _builder_version=\u00a0\u00bb4.27.4&Prime; _module_preset=\u00a0\u00bbdefault\u00a0\u00bb background_color=\u00a0\u00bb#f7f7f7&Prime; custom_padding=\u00a0\u00bb8px||49px|||\u00a0\u00bb collapsed=\u00a0\u00bbon\u00a0\u00bb global_colors_info=\u00a0\u00bb{}\u00a0\u00bb][et_pb_row _builder_version=\u00a0\u00bb4.27.4&Prime; _module_preset=\u00a0\u00bbdefault\u00a0\u00bb custom_padding=\u00a0\u00bb||14px|||\u00a0\u00bb global_colors_info=\u00a0\u00bb{}\u00a0\u00bb][et_pb_column type=\u00a0\u00bb4_4&Prime; _builder_version=\u00a0\u00bb4.25.1&Prime; _module_preset=\u00a0\u00bbdefault\u00a0\u00bb global_colors_info=\u00a0\u00bb{}\u00a0\u00bb][et_pb_heading title=\u00a0\u00bbRendez-vous importants\u00a0\u00bb _builder_version=\u00a0\u00bb4.27.4&Prime; _module_preset=\u00a0\u00bb885db4d9-997c-4995-a7b7-53c10e610df1&Prime; title_font=\u00a0\u00bbInter|500||on|||||\u00a0\u00bb title_text_align=\u00a0\u00bbcenter\u00a0\u00bb title_text_color=\u00a0\u00bb#d87300&Prime; title_font_size=\u00a0\u00bb27px\u00a0\u00bb global_colors_info=\u00a0\u00bb{}\u00a0\u00bb][\/et_pb_heading][\/et_pb_column][\/et_pb_row][et_pb_row _builder_version=\u00a0\u00bb4.25.1&Prime; _module_preset=\u00a0\u00bbdefault\u00a0\u00bb custom_margin=\u00a0\u00bb|auto|-2px|auto||\u00a0\u00bb custom_padding=\u00a0\u00bb0px|||||\u00a0\u00bb global_colors_info=\u00a0\u00bb{}\u00a0\u00bb][et_pb_column type=\u00a0\u00bb4_4&Prime; _builder_version=\u00a0\u00bb4.25.1&Prime; _module_preset=\u00a0\u00bbdefault\u00a0\u00bb global_colors_info=\u00a0\u00bb{}\u00a0\u00bb][et_pb_image src=\u00a0\u00bbhttp:\/\/www.agglomed.com\/wp-content\/uploads\/2025\/12\/Affiche-Salon-Bande-scaled.png\u00a0\u00bb title_text=\u00a0\u00bbAffiche-Salon-Bande\u00a0\u00bb _builder_version=\u00a0\u00bb4.27.5&Prime; _module_preset=\u00a0\u00bbdefault\u00a0\u00bb global_colors_info=\u00a0\u00bb{}\u00a0\u00bb][\/et_pb_image][\/et_pb_column][\/et_pb_row][et_pb_row column_structure=\u00a0\u00bb3_4,1_4&Prime; custom_padding_last_edited=\u00a0\u00bboff|desktop\u00a0\u00bb _builder_version=\u00a0\u00bb4.27.4&Prime; _module_preset=\u00a0\u00bbdefault\u00a0\u00bb background_color=\u00a0\u00bb#ce5c00&Prime; max_width=\u00a0\u00bb1120px\u00a0\u00bb min_height=\u00a0\u00bb197.6px\u00a0\u00bb custom_margin=\u00a0\u00bb||20px||false|false\u00a0\u00bb custom_padding=\u00a0\u00bb20px|20px|20px|20px|true|true\u00a0\u00bb link_option_url=\u00a0\u00bb#\u00a0\u00bb box_shadow_style=\u00a0\u00bbpreset1&Prime; box_shadow_vertical=\u00a0\u00bb20px\u00a0\u00bb box_shadow_blur=\u00a0\u00bb40px\u00a0\u00bb box_shadow_color=\u00a0\u00bbRGBA(255,255,255,0)\u00a0\u00bb global_colors_info=\u00a0\u00bb{}\u00a0\u00bb custom_padding__hover_enabled=\u00a0\u00bboff|desktop\u00a0\u00bb custom_padding__hover=\u00a0\u00bb|20px||20px|true|true\u00a0\u00bb border_radii__hover_enabled=\u00a0\u00bbon|desktop\u00a0\u00bb border_radii__hover=\u00a0\u00bbon|12px|12px|12px|12px\u00a0\u00bb box_shadow_color__hover_enabled=\u00a0\u00bbon|desktop\u00a0\u00bb box_shadow_color__hover=\u00a0\u00bbrgba(0,0,0,0.07)\u00a0\u00bb][et_pb_column type=\u00a0\u00bb3_4&Prime; _builder_version=\u00a0\u00bb4.25.1&Prime; _module_preset=\u00a0\u00bbdefault\u00a0\u00bb global_colors_info=\u00a0\u00bb{}\u00a0\u00bb][et_pb_blurb title=\u00a0\u00bbR\u00e9sidence d\u00b4Auteurs\u00a0\u00bb image=\u00a0\u00bbhttp:\/\/www.agglomed.com\/wp-content\/uploads\/2025\/10\/Residence-auteurs.png\u00a0\u00bb _builder_version=\u00a0\u00bb4.27.4&Prime; _module_preset=\u00a0\u00bb00b3fce8-2f95-4555-831a-e3b90716d1a3&Prime; body_text_color=\u00a0\u00bb#FFFFFF\u00a0\u00bb body_font_size=\u00a0\u00bb13px\u00a0\u00bb locked=\u00a0\u00bboff\u00a0\u00bb global_colors_info=\u00a0\u00bb{%22gcid-9d5d11f9-d654-432d-8206-34ad20a6d54e%22:%91%22link_text_color%22,%22quote_border_color%22,%22link_text_color%22,%22quote_border_color%22%93,%22gcid-b6028d43-4027-4a22-87a1-1d6e61b15b8b%22:%91%22quote_text_color%22,%22quote_text_color%22%93}\u00a0\u00bb quote_font_size_tablet=\u00a0\u00bb16px\u00a0\u00bb quote_font_size_phone=\u00a0\u00bb15px\u00a0\u00bb quote_font_size_last_edited=\u00a0\u00bbon|desktop\u00a0\u00bb]<\/p>\n<p>R\u00e9serv\u00e9e aux Auteurs confirm\u00e9s avec au moins une oeuvre de fiction publi\u00e9e.<\/p>\n<p>[\/et_pb_blurb][et_pb_toggle title=\u00a0\u00bbR\u00e9sidence d\u00b4Auteurs\u00a0\u00bb _builder_version=\u00a0\u00bb4.27.4&Prime; _module_preset=\u00a0\u00bbdefault\u00a0\u00bb global_colors_info=\u00a0\u00bb{}\u00a0\u00bb]<\/p>\n<p>R\u00e9serv\u00e9e aux Auteurs confirm\u00e9s avec au moins deux (2) oeuvres de fiction publi\u00e9es. Les postulants doivent \u00eatre porteurs d\u00b4un projet d\u00b4\u00e9criture dans l\u00b4un des domaines exclusifs du th\u00e9\u00e2tre et de la po\u00e9sie.<\/p>\n<p>[\/et_pb_toggle][\/et_pb_column][et_pb_column type=\u00a0\u00bb1_4&Prime; _builder_version=\u00a0\u00bb4.25.1&Prime; _module_preset=\u00a0\u00bbdefault\u00a0\u00bb global_colors_info=\u00a0\u00bb{}\u00a0\u00bb][et_pb_heading title=\u00a0\u00bbDu 16 au 23 Janvier 2026&Prime; _builder_version=\u00a0\u00bb4.27.4&Prime; _module_preset=\u00a0\u00bb91cbc82d-8f73-418a-8726-9c850a6657cf\u00a0\u00bb title_text_align=\u00a0\u00bbright\u00a0\u00bb custom_margin=\u00a0\u00bb||0px||false|false\u00a0\u00bb title_text_align_tablet=\u00a0\u00bbleft\u00a0\u00bb title_text_align_phone=\u00a0\u00bbleft\u00a0\u00bb title_text_align_last_edited=\u00a0\u00bbon|tablet\u00a0\u00bb title_font_size_tablet=\u00a0\u00bb\u00a0\u00bb title_font_size_phone=\u00a0\u00bb8px\u00a0\u00bb title_font_size_last_edited=\u00a0\u00bbon|phone\u00a0\u00bb global_colors_info=\u00a0\u00bb{}\u00a0\u00bb][\/et_pb_heading][\/et_pb_column][\/et_pb_row][et_pb_row column_structure=\u00a0\u00bb3_4,1_4&Prime; custom_padding_last_edited=\u00a0\u00bboff|desktop\u00a0\u00bb _builder_version=\u00a0\u00bb4.27.4&Prime; _module_preset=\u00a0\u00bbdefault\u00a0\u00bb background_color=\u00a0\u00bb#cccccc\u00a0\u00bb max_width=\u00a0\u00bb1120px\u00a0\u00bb custom_margin=\u00a0\u00bb||20px||false|false\u00a0\u00bb custom_padding=\u00a0\u00bb20px|20px|20px|20px|true|true\u00a0\u00bb link_option_url=\u00a0\u00bb#\u00a0\u00bb box_shadow_style=\u00a0\u00bbpreset1&Prime; box_shadow_vertical=\u00a0\u00bb20px\u00a0\u00bb box_shadow_blur=\u00a0\u00bb40px\u00a0\u00bb box_shadow_color=\u00a0\u00bbRGBA(255,255,255,0)\u00a0\u00bb global_colors_info=\u00a0\u00bb{}\u00a0\u00bb custom_padding__hover_enabled=\u00a0\u00bboff|desktop\u00a0\u00bb custom_padding__hover=\u00a0\u00bb|20px||20px|true|true\u00a0\u00bb border_radii__hover_enabled=\u00a0\u00bbon|desktop\u00a0\u00bb border_radii__hover=\u00a0\u00bbon|12px|12px|12px|12px\u00a0\u00bb box_shadow_color__hover_enabled=\u00a0\u00bbon|desktop\u00a0\u00bb box_shadow_color__hover=\u00a0\u00bbrgba(0,0,0,0.07)\u00a0\u00bb][et_pb_column type=\u00a0\u00bb3_4&Prime; _builder_version=\u00a0\u00bb4.25.1&Prime; _module_preset=\u00a0\u00bbdefault\u00a0\u00bb global_colors_info=\u00a0\u00bb{}\u00a0\u00bb][et_pb_blurb title=\u00a0\u00bbR\u00e9sidence Th\u00e9\u00e2tre exp\u00e9rimental \u00a0\u00bb image=\u00a0\u00bbhttp:\/\/www.agglomed.com\/wp-content\/uploads\/2025\/10\/Residence-auteurs.png\u00a0\u00bb _builder_version=\u00a0\u00bb4.27.4&Prime; _module_preset=\u00a0\u00bb00b3fce8-2f95-4555-831a-e3b90716d1a3&Prime; body_text_color=\u00a0\u00bb#FFFFFF\u00a0\u00bb locked=\u00a0\u00bboff\u00a0\u00bb global_colors_info=\u00a0\u00bb{%22gcid-9d5d11f9-d654-432d-8206-34ad20a6d54e%22:%91%22link_text_color%22,%22quote_border_color%22,%22link_text_color%22,%22quote_border_color%22%93,%22gcid-b6028d43-4027-4a22-87a1-1d6e61b15b8b%22:%91%22quote_text_color%22,%22quote_text_color%22%93}\u00a0\u00bb quote_font_size_tablet=\u00a0\u00bb16px\u00a0\u00bb quote_font_size_phone=\u00a0\u00bb15px\u00a0\u00bb quote_font_size_last_edited=\u00a0\u00bbon|desktop\u00a0\u00bb]<\/p>\n<p>R\u00e9serv\u00e9e aux Dramaturges<\/p>\n<p>[\/et_pb_blurb][et_pb_toggle title=\u00a0\u00bbR\u00e9sidence Th\u00e9\u00e2tre exp\u00e9rimental \u00a0\u00bb _builder_version=\u00a0\u00bb4.27.4&Prime; _module_preset=\u00a0\u00bbdefault\u00a0\u00bb global_colors_info=\u00a0\u00bb{}\u00a0\u00bb]<\/p>\n<p>La r\u00e9sidence de th\u00e9\u00e2tre exp\u00e9rimental \u00ab Corps, Voix, Mati\u00e8res \u00bb propose une immersion dans l\u00b4art dramatique \u00e0 travers la rencontre entre trois univers d\u2019auteurs vivants, trois metteurs en sc\u00e8ne et une \u00e9quipe de com\u00e9diens r\u00e9unis pour explorer les fronti\u00e8res entre lecture, performance et mise en espace.<\/p>\n<p>[\/et_pb_toggle][\/et_pb_column][et_pb_column type=\u00a0\u00bb1_4&Prime; _builder_version=\u00a0\u00bb4.25.1&Prime; _module_preset=\u00a0\u00bbdefault\u00a0\u00bb global_colors_info=\u00a0\u00bb{}\u00a0\u00bb][et_pb_heading title=\u00a0\u00bbDu 16 au 22 Janvier 2026&Prime; _builder_version=\u00a0\u00bb4.27.4&Prime; _module_preset=\u00a0\u00bb91cbc82d-8f73-418a-8726-9c850a6657cf\u00a0\u00bb title_text_align=\u00a0\u00bbright\u00a0\u00bb custom_margin=\u00a0\u00bb||0px||false|false\u00a0\u00bb title_text_align_tablet=\u00a0\u00bbleft\u00a0\u00bb title_text_align_phone=\u00a0\u00bbleft\u00a0\u00bb title_text_align_last_edited=\u00a0\u00bbon|tablet\u00a0\u00bb title_font_size_tablet=\u00a0\u00bb\u00a0\u00bb title_font_size_phone=\u00a0\u00bb8px\u00a0\u00bb title_font_size_last_edited=\u00a0\u00bbon|phone\u00a0\u00bb global_colors_info=\u00a0\u00bb{}\u00a0\u00bb][\/et_pb_heading][\/et_pb_column][\/et_pb_row][et_pb_row column_structure=\u00a0\u00bb3_4,1_4&Prime; _builder_version=\u00a0\u00bb4.27.4&Prime; _module_preset=\u00a0\u00bbdefault\u00a0\u00bb background_color=\u00a0\u00bb#dd6700&Prime; max_width=\u00a0\u00bb1120px\u00a0\u00bb custom_margin=\u00a0\u00bb||20px||false|false\u00a0\u00bb custom_padding=\u00a0\u00bb20px|20px|20px|20px|true|true\u00a0\u00bb link_option_url=\u00a0\u00bb#\u00a0\u00bb box_shadow_style=\u00a0\u00bbpreset1&Prime; box_shadow_vertical=\u00a0\u00bb20px\u00a0\u00bb box_shadow_blur=\u00a0\u00bb40px\u00a0\u00bb box_shadow_color=\u00a0\u00bbRGBA(255,255,255,0)\u00a0\u00bb global_colors_info=\u00a0\u00bb{}\u00a0\u00bb custom_padding__hover_enabled=\u00a0\u00bbon|desktop\u00a0\u00bb custom_padding__hover=\u00a0\u00bb|20px||20px|true|true\u00a0\u00bb border_radii__hover_enabled=\u00a0\u00bbon|desktop\u00a0\u00bb border_radii__hover=\u00a0\u00bbon|12px|12px|12px|12px\u00a0\u00bb box_shadow_color__hover_enabled=\u00a0\u00bbon|desktop\u00a0\u00bb box_shadow_color__hover=\u00a0\u00bbrgba(0,0,0,0.07)\u00a0\u00bb][et_pb_column type=\u00a0\u00bb3_4&Prime; _builder_version=\u00a0\u00bb4.25.1&Prime; _module_preset=\u00a0\u00bbdefault\u00a0\u00bb global_colors_info=\u00a0\u00bb{}\u00a0\u00bb][et_pb_blurb title=\u00a0\u00bbAtelier d&rsquo;\u00e9criture de cr\u00e9ation\u00a0\u00bb image=\u00a0\u00bbhttp:\/\/www.agglomed.com\/wp-content\/uploads\/2025\/10\/Atelier.png\u00a0\u00bb _builder_version=\u00a0\u00bb4.27.4&Prime; _module_preset=\u00a0\u00bb00b3fce8-2f95-4555-831a-e3b90716d1a3&Prime; body_text_color=\u00a0\u00bb#FFFFFF\u00a0\u00bb body_font_size=\u00a0\u00bb15px\u00a0\u00bb locked=\u00a0\u00bboff\u00a0\u00bb global_colors_info=\u00a0\u00bb{%22gcid-9d5d11f9-d654-432d-8206-34ad20a6d54e%22:%91%22link_text_color%22,%22quote_border_color%22,%22link_text_color%22,%22quote_border_color%22%93,%22gcid-b6028d43-4027-4a22-87a1-1d6e61b15b8b%22:%91%22quote_text_color%22,%22quote_text_color%22%93}\u00a0\u00bb quote_font_size_tablet=\u00a0\u00bb16px\u00a0\u00bb quote_font_size_phone=\u00a0\u00bb15px\u00a0\u00bb quote_font_size_last_edited=\u00a0\u00bbon|desktop\u00a0\u00bb]<\/p>\n<p>R\u00e9serv\u00e9 aux aspirants \u00e9crivains<\/p>\n<p>[\/et_pb_blurb][et_pb_toggle title=\u00a0\u00bbAtelier d\u00b4\u00c9criture de cr\u00e9ation\u00a0\u00bb _builder_version=\u00a0\u00bb4.27.4&Prime; _module_preset=\u00a0\u00bbdefault\u00a0\u00bb global_colors_info=\u00a0\u00bb{}\u00a0\u00bb]<\/p>\n<p>Cet atelier a pour vocation d\u2019accompagner les participants dans le d\u00e9veloppement de leur voix d\u2019auteur, de stimuler leur cr\u00e9ativit\u00e9, et de leur fournir des outils concrets pour \u00e9crire de mani\u00e8re plus consciente, structur\u00e9e et vivante. Il est adress\u00e9 aux aspirants Ecrivains des lyc\u00e9es et coll\u00e8ges et est bas\u00e9 sur la bienveillance et le partage, l\u00b4exp\u00e9rimentation et la progression. <a href=\"https:\/\/www.agglomed.com\/?page_id=2110\">Info et inscription.<\/a><\/p>\n<p>&nbsp;<\/p>\n<p>[\/et_pb_toggle][\/et_pb_column][et_pb_column type=\u00a0\u00bb1_4&Prime; _builder_version=\u00a0\u00bb4.25.1&Prime; _module_preset=\u00a0\u00bbdefault\u00a0\u00bb global_colors_info=\u00a0\u00bb{}\u00a0\u00bb][et_pb_heading title=\u00a0\u00bbDu 16 au 18 Janvier 2026&Prime; _builder_version=\u00a0\u00bb4.27.4&Prime; _module_preset=\u00a0\u00bb91cbc82d-8f73-418a-8726-9c850a6657cf\u00a0\u00bb title_text_align=\u00a0\u00bbright\u00a0\u00bb custom_margin=\u00a0\u00bb||0px||false|false\u00a0\u00bb title_text_align_tablet=\u00a0\u00bbleft\u00a0\u00bb title_text_align_phone=\u00a0\u00bbleft\u00a0\u00bb title_text_align_last_edited=\u00a0\u00bbon|tablet\u00a0\u00bb global_colors_info=\u00a0\u00bb{}\u00a0\u00bb][\/et_pb_heading][et_pb_text _builder_version=\u00a0\u00bb4.25.1&Prime; _module_preset=\u00a0\u00bbdefault\u00a0\u00bb text_orientation=\u00a0\u00bbright\u00a0\u00bb text_orientation_tablet=\u00a0\u00bbleft\u00a0\u00bb text_orientation_phone=\u00a0\u00bbleft\u00a0\u00bb text_orientation_last_edited=\u00a0\u00bbon|tablet\u00a0\u00bb global_colors_info=\u00a0\u00bb{}\u00a0\u00bb][\/et_pb_text][\/et_pb_column][\/et_pb_row][et_pb_row column_structure=\u00a0\u00bb3_4,1_4&Prime; _builder_version=\u00a0\u00bb4.27.4&Prime; _module_preset=\u00a0\u00bbdefault\u00a0\u00bb background_color=\u00a0\u00bb#dd6700&Prime; max_width=\u00a0\u00bb1120px\u00a0\u00bb custom_margin=\u00a0\u00bb||20px||false|false\u00a0\u00bb custom_padding=\u00a0\u00bb20px|20px|20px|20px|true|true\u00a0\u00bb link_option_url=\u00a0\u00bb#\u00a0\u00bb box_shadow_style=\u00a0\u00bbpreset1&Prime; box_shadow_vertical=\u00a0\u00bb20px\u00a0\u00bb box_shadow_blur=\u00a0\u00bb40px\u00a0\u00bb box_shadow_color=\u00a0\u00bbRGBA(255,255,255,0)\u00a0\u00bb global_colors_info=\u00a0\u00bb{}\u00a0\u00bb custom_padding__hover_enabled=\u00a0\u00bbon|desktop\u00a0\u00bb custom_padding__hover=\u00a0\u00bb|20px||20px|true|true\u00a0\u00bb border_radii__hover_enabled=\u00a0\u00bbon|desktop\u00a0\u00bb border_radii__hover=\u00a0\u00bbon|12px|12px|12px|12px\u00a0\u00bb box_shadow_color__hover_enabled=\u00a0\u00bbon|desktop\u00a0\u00bb box_shadow_color__hover=\u00a0\u00bbrgba(0,0,0,0.07)\u00a0\u00bb][et_pb_column type=\u00a0\u00bb3_4&Prime; _builder_version=\u00a0\u00bb4.25.1&Prime; _module_preset=\u00a0\u00bbdefault\u00a0\u00bb global_colors_info=\u00a0\u00bb{}\u00a0\u00bb][et_pb_blurb title=\u00a0\u00bbJourn\u00e9e orphelinat \u00a0\u00bb image=\u00a0\u00bbhttp:\/\/www.agglomed.com\/wp-content\/uploads\/2025\/10\/Atelier.png\u00a0\u00bb _builder_version=\u00a0\u00bb4.27.4&Prime; _module_preset=\u00a0\u00bb00b3fce8-2f95-4555-831a-e3b90716d1a3&Prime; body_text_color=\u00a0\u00bb#FFFFFF\u00a0\u00bb body_font_size=\u00a0\u00bb15px\u00a0\u00bb locked=\u00a0\u00bboff\u00a0\u00bb global_colors_info=\u00a0\u00bb{%22gcid-9d5d11f9-d654-432d-8206-34ad20a6d54e%22:%91%22link_text_color%22,%22quote_border_color%22,%22link_text_color%22,%22quote_border_color%22%93,%22gcid-b6028d43-4027-4a22-87a1-1d6e61b15b8b%22:%91%22quote_text_color%22,%22quote_text_color%22%93}\u00a0\u00bb quote_font_size_tablet=\u00a0\u00bb16px\u00a0\u00bb quote_font_size_phone=\u00a0\u00bb15px\u00a0\u00bb quote_font_size_last_edited=\u00a0\u00bbon|desktop\u00a0\u00bb]<\/p>\n<p>Dons, ateliers et animation<\/p>\n<p>[\/et_pb_blurb][et_pb_toggle title=\u00a0\u00bbJourn\u00e9e orphelinat avec JPO e.v.\u00a0\u00bb _builder_version=\u00a0\u00bb4.27.4&Prime; _module_preset=\u00a0\u00bbdefault\u00a0\u00bb global_colors_info=\u00a0\u00bb{}\u00a0\u00bb]<\/p>\n<p>Cette journ\u00e9e est consacr\u00e9e \u00e0 un orphelinat de la ville de Yaound\u00e9 et soutenue par l\u00b4Association JPO. C\u00b4est une journ\u00e9e d\u00b4action solidaire pens\u00e9e comme un moment \u00e0 la fois humanitaire, culturel et \u00e9ducatif avec des Artistes, Ecrivains, Educateurs, <span>afin d\u2019offrir une exp\u00e9rience riche, valorisante et durable.<\/span><\/p>\n<p>&nbsp;<\/p>\n<p>[\/et_pb_toggle][\/et_pb_column][et_pb_column type=\u00a0\u00bb1_4&Prime; _builder_version=\u00a0\u00bb4.25.1&Prime; _module_preset=\u00a0\u00bbdefault\u00a0\u00bb global_colors_info=\u00a0\u00bb{}\u00a0\u00bb][et_pb_heading title=\u00a0\u00bbDu 16 au 18 Janvier 2026&Prime; _builder_version=\u00a0\u00bb4.27.4&Prime; _module_preset=\u00a0\u00bb91cbc82d-8f73-418a-8726-9c850a6657cf\u00a0\u00bb title_text_align=\u00a0\u00bbright\u00a0\u00bb custom_margin=\u00a0\u00bb||0px||false|false\u00a0\u00bb title_text_align_tablet=\u00a0\u00bbleft\u00a0\u00bb title_text_align_phone=\u00a0\u00bbleft\u00a0\u00bb title_text_align_last_edited=\u00a0\u00bbon|tablet\u00a0\u00bb global_colors_info=\u00a0\u00bb{}\u00a0\u00bb][\/et_pb_heading][et_pb_text _builder_version=\u00a0\u00bb4.25.1&Prime; _module_preset=\u00a0\u00bbdefault\u00a0\u00bb text_orientation=\u00a0\u00bbright\u00a0\u00bb text_orientation_tablet=\u00a0\u00bbleft\u00a0\u00bb text_orientation_phone=\u00a0\u00bbleft\u00a0\u00bb text_orientation_last_edited=\u00a0\u00bbon|tablet\u00a0\u00bb global_colors_info=\u00a0\u00bb{}\u00a0\u00bb][\/et_pb_text][\/et_pb_column][\/et_pb_row][et_pb_row column_structure=\u00a0\u00bb3_4,1_4&Prime; _builder_version=\u00a0\u00bb4.27.4&Prime; _module_preset=\u00a0\u00bbdefault\u00a0\u00bb background_color=\u00a0\u00bb#cccccc\u00a0\u00bb max_width=\u00a0\u00bb1120px\u00a0\u00bb custom_margin=\u00a0\u00bb||20px||false|false\u00a0\u00bb custom_padding=\u00a0\u00bb20px|20px|20px|20px|true|true\u00a0\u00bb link_option_url=\u00a0\u00bb#\u00a0\u00bb box_shadow_style=\u00a0\u00bbpreset1&Prime; box_shadow_vertical=\u00a0\u00bb20px\u00a0\u00bb box_shadow_blur=\u00a0\u00bb40px\u00a0\u00bb box_shadow_color=\u00a0\u00bbRGBA(255,255,255,0)\u00a0\u00bb global_colors_info=\u00a0\u00bb{}\u00a0\u00bb custom_padding__hover_enabled=\u00a0\u00bbon|desktop\u00a0\u00bb custom_padding__hover=\u00a0\u00bb|20px||20px|true|true\u00a0\u00bb border_radii__hover_enabled=\u00a0\u00bbon|desktop\u00a0\u00bb border_radii__hover=\u00a0\u00bbon|12px|12px|12px|12px\u00a0\u00bb box_shadow_color__hover_enabled=\u00a0\u00bbon|desktop\u00a0\u00bb box_shadow_color__hover=\u00a0\u00bbrgba(0,0,0,0.07)\u00a0\u00bb][et_pb_column type=\u00a0\u00bb3_4&Prime; _builder_version=\u00a0\u00bb4.25.1&Prime; _module_preset=\u00a0\u00bbdefault\u00a0\u00bb global_colors_info=\u00a0\u00bb{}\u00a0\u00bb][et_pb_blurb title=\u00a0\u00bbRencontre avec les \u00c9diteurs\u00a0\u00bb image=\u00a0\u00bbhttp:\/\/www.agglomed.com\/wp-content\/uploads\/2025\/10\/Rencontre-Editeurs.png\u00a0\u00bb _builder_version=\u00a0\u00bb4.27.4&Prime; _module_preset=\u00a0\u00bb00b3fce8-2f95-4555-831a-e3b90716d1a3&Prime; locked=\u00a0\u00bboff\u00a0\u00bb global_colors_info=\u00a0\u00bb{%22gcid-9d5d11f9-d654-432d-8206-34ad20a6d54e%22:%91%22link_text_color%22,%22quote_border_color%22,%22link_text_color%22,%22quote_border_color%22%93,%22gcid-b6028d43-4027-4a22-87a1-1d6e61b15b8b%22:%91%22quote_text_color%22,%22quote_text_color%22%93}\u00a0\u00bb quote_font_size_tablet=\u00a0\u00bb16px\u00a0\u00bb quote_font_size_phone=\u00a0\u00bb15px\u00a0\u00bb quote_font_size_last_edited=\u00a0\u00bbon|desktop\u00a0\u00bb]<\/p>\n<p>L\u00b4\u00e9dition du livre de nos jours, sans tabou.<\/p>\n<p>[\/et_pb_blurb][et_pb_toggle title=\u00a0\u00bbRencontre avec les \u00e9diteurs\u00a0\u00bb _builder_version=\u00a0\u00bb4.27.4&Prime; _module_preset=\u00a0\u00bbdefault\u00a0\u00bb global_colors_info=\u00a0\u00bb{}\u00a0\u00bb]<\/p>\n<p>Cette rencontre r\u00e9unit auteurs, \u00e9diteurs, agents litt\u00e9raires et professionnels du livre autour d\u2019un objectif commun : favoriser un dialogue direct entre \u00e9diteurs et auteurs. Ce moment d\u2019\u00e9changes se veut convivial et constructif, offrant aux auteurs l\u2019opportunit\u00e9 de pr\u00e9senter leurs manuscrits, d\u2019obtenir des retours concrets sur leurs projets, et de mieux comprendre les r\u00e9alit\u00e9s du m\u00e9tier d\u2019\u00e9diteur sur le continent africain et au-del\u00e0.<\/p>\n<p>[\/et_pb_toggle][\/et_pb_column][et_pb_column type=\u00a0\u00bb1_4&Prime; _builder_version=\u00a0\u00bb4.25.1&Prime; _module_preset=\u00a0\u00bbdefault\u00a0\u00bb global_colors_info=\u00a0\u00bb{}\u00a0\u00bb][et_pb_heading title=\u00a0\u00bb18 Janvier 2026&Prime; _builder_version=\u00a0\u00bb4.27.4&Prime; _module_preset=\u00a0\u00bb91cbc82d-8f73-418a-8726-9c850a6657cf\u00a0\u00bb title_text_align=\u00a0\u00bbright\u00a0\u00bb custom_margin=\u00a0\u00bb||0px||false|false\u00a0\u00bb title_text_align_tablet=\u00a0\u00bbleft\u00a0\u00bb title_text_align_phone=\u00a0\u00bbleft\u00a0\u00bb title_text_align_last_edited=\u00a0\u00bbon|tablet\u00a0\u00bb global_colors_info=\u00a0\u00bb{}\u00a0\u00bb][\/et_pb_heading][et_pb_text _builder_version=\u00a0\u00bb4.25.1&Prime; _module_preset=\u00a0\u00bbdefault\u00a0\u00bb text_orientation=\u00a0\u00bbright\u00a0\u00bb text_orientation_tablet=\u00a0\u00bbleft\u00a0\u00bb text_orientation_phone=\u00a0\u00bbleft\u00a0\u00bb text_orientation_last_edited=\u00a0\u00bbon|tablet\u00a0\u00bb global_colors_info=\u00a0\u00bb{}\u00a0\u00bb][\/et_pb_text][\/et_pb_column][\/et_pb_row][et_pb_row column_structure=\u00a0\u00bb3_4,1_4&Prime; _builder_version=\u00a0\u00bb4.27.4&Prime; _module_preset=\u00a0\u00bbdefault\u00a0\u00bb background_color=\u00a0\u00bb#bf6f00&Prime; max_width=\u00a0\u00bb1120px\u00a0\u00bb custom_margin=\u00a0\u00bb||20px||false|false\u00a0\u00bb custom_padding=\u00a0\u00bb20px|20px|20px|20px|true|true\u00a0\u00bb link_option_url=\u00a0\u00bb#\u00a0\u00bb box_shadow_style=\u00a0\u00bbpreset1&Prime; box_shadow_vertical=\u00a0\u00bb20px\u00a0\u00bb box_shadow_blur=\u00a0\u00bb40px\u00a0\u00bb box_shadow_color=\u00a0\u00bbRGBA(255,255,255,0)\u00a0\u00bb global_colors_info=\u00a0\u00bb{}\u00a0\u00bb custom_padding__hover_enabled=\u00a0\u00bbon|desktop\u00a0\u00bb custom_padding__hover=\u00a0\u00bb|20px||20px|true|true\u00a0\u00bb border_radii__hover_enabled=\u00a0\u00bbon|desktop\u00a0\u00bb border_radii__hover=\u00a0\u00bbon|12px|12px|12px|12px\u00a0\u00bb box_shadow_color__hover_enabled=\u00a0\u00bbon|desktop\u00a0\u00bb box_shadow_color__hover=\u00a0\u00bbrgba(0,0,0,0.07)\u00a0\u00bb][et_pb_column type=\u00a0\u00bb3_4&Prime; _builder_version=\u00a0\u00bb4.25.1&Prime; _module_preset=\u00a0\u00bbdefault\u00a0\u00bb global_colors_info=\u00a0\u00bb{}\u00a0\u00bb][et_pb_blurb title=\u00a0\u00bbConf\u00e9rences et D\u00e9dicaces\u00a0\u00bb image=\u00a0\u00bbhttp:\/\/www.agglomed.com\/wp-content\/uploads\/2025\/10\/Conference.png\u00a0\u00bb _builder_version=\u00a0\u00bb4.27.4&Prime; _module_preset=\u00a0\u00bb00b3fce8-2f95-4555-831a-e3b90716d1a3&Prime; locked=\u00a0\u00bboff\u00a0\u00bb global_colors_info=\u00a0\u00bb{%22gcid-9d5d11f9-d654-432d-8206-34ad20a6d54e%22:%91%22link_text_color%22,%22quote_border_color%22,%22link_text_color%22,%22quote_border_color%22%93,%22gcid-b6028d43-4027-4a22-87a1-1d6e61b15b8b%22:%91%22quote_text_color%22,%22quote_text_color%22%93}\u00a0\u00bb quote_font_size_tablet=\u00a0\u00bb16px\u00a0\u00bb quote_font_size_phone=\u00a0\u00bb15px\u00a0\u00bb quote_font_size_last_edited=\u00a0\u00bbon|desktop\u00a0\u00bb][\/et_pb_blurb][et_pb_toggle title=\u00a0\u00bbConf\u00e9rences et D\u00e9dicaces\u00a0\u00bb _builder_version=\u00a0\u00bb4.27.4&Prime; _module_preset=\u00a0\u00bbdefault\u00a0\u00bb global_colors_info=\u00a0\u00bb{}\u00a0\u00bb]<\/p>\n<p>Au c\u0153ur du Salon Africain de l\u2019\u00c9crivain, les conf\u00e9rences et les s\u00e9ances de d\u00e9dicaces constituent des moments privil\u00e9gi\u00e9s de rencontre, d\u2019\u00e9change et de partage entre les auteurs, les lecteurs et les passionn\u00e9s de litt\u00e9rature orale ou \u00e9crite. C\u00b4est le lieu de mise \u00e0 l\u2019honneur de la pens\u00e9e, de la cr\u00e9ativit\u00e9 et de la diversit\u00e9 des voix \u00e0 travers une s\u00e9rie de tables rondes, masterclass, dialogues litt\u00e9raires et s\u00e9ances de signatures.<\/p>\n<p>[\/et_pb_toggle][\/et_pb_column][et_pb_column type=\u00a0\u00bb1_4&Prime; _builder_version=\u00a0\u00bb4.25.1&Prime; _module_preset=\u00a0\u00bbdefault\u00a0\u00bb global_colors_info=\u00a0\u00bb{}\u00a0\u00bb][et_pb_heading title=\u00a0\u00bbDu 26 au 30 janvier 2026&Prime; _builder_version=\u00a0\u00bb4.25.1&Prime; _module_preset=\u00a0\u00bb91cbc82d-8f73-418a-8726-9c850a6657cf\u00a0\u00bb title_text_align=\u00a0\u00bbright\u00a0\u00bb custom_margin=\u00a0\u00bb||0px||false|false\u00a0\u00bb title_text_align_tablet=\u00a0\u00bbleft\u00a0\u00bb title_text_align_phone=\u00a0\u00bbleft\u00a0\u00bb title_text_align_last_edited=\u00a0\u00bbon|tablet\u00a0\u00bb global_colors_info=\u00a0\u00bb{}\u00a0\u00bb][\/et_pb_heading][et_pb_text _builder_version=\u00a0\u00bb4.25.1&Prime; _module_preset=\u00a0\u00bbdefault\u00a0\u00bb text_orientation=\u00a0\u00bbright\u00a0\u00bb text_orientation_tablet=\u00a0\u00bbleft\u00a0\u00bb text_orientation_phone=\u00a0\u00bbleft\u00a0\u00bb text_orientation_last_edited=\u00a0\u00bbon|tablet\u00a0\u00bb global_colors_info=\u00a0\u00bb{}\u00a0\u00bb][\/et_pb_text][\/et_pb_column][\/et_pb_row][et_pb_row _builder_version=\u00a0\u00bb4.25.1&Prime; _module_preset=\u00a0\u00bbdefault\u00a0\u00bb custom_padding=\u00a0\u00bb||0px|||\u00a0\u00bb locked=\u00a0\u00bboff\u00a0\u00bb global_colors_info=\u00a0\u00bb{}\u00a0\u00bb][et_pb_column type=\u00a0\u00bb4_4&Prime; _builder_version=\u00a0\u00bb4.25.1&Prime; _module_preset=\u00a0\u00bbdefault\u00a0\u00bb global_colors_info=\u00a0\u00bb{}\u00a0\u00bb][et_pb_button button_url=\u00a0\u00bbhttps:\/\/www.agglomed.com\/?page_id=2354&#038;et_fb=1&#038;PageSpeed=off\u00a0\u00bb button_text=\u00a0\u00bbProgramme g\u00e9n\u00e9ral \u00a0\u00bb button_alignment=\u00a0\u00bbcenter\u00a0\u00bb _builder_version=\u00a0\u00bb4.27.5&Prime; _module_preset=\u00a0\u00bb37716d73-5132-4df2-8a63-46665663534d\u00a0\u00bb button_text_size=\u00a0\u00bb32px\u00a0\u00bb button_text_color=\u00a0\u00bb#ffffff\u00a0\u00bb button_bg_color=\u00a0\u00bb#2b1300&Prime; button_border_radius=\u00a0\u00bb16px\u00a0\u00bb locked=\u00a0\u00bboff\u00a0\u00bb global_colors_info=\u00a0\u00bb{}\u00a0\u00bb][\/et_pb_button][\/et_pb_column][\/et_pb_row][et_pb_row _builder_version=\u00a0\u00bb4.27.5&Prime; _module_preset=\u00a0\u00bbdefault\u00a0\u00bb global_colors_info=\u00a0\u00bb{}\u00a0\u00bb][et_pb_column type=\u00a0\u00bb4_4&Prime; _builder_version=\u00a0\u00bb4.27.5&Prime; _module_preset=\u00a0\u00bbdefault\u00a0\u00bb global_colors_info=\u00a0\u00bb{}\u00a0\u00bb][et_pb_divider color=\u00a0\u00bb#E09900&Prime; _builder_version=\u00a0\u00bb4.27.5&Prime; _module_preset=\u00a0\u00bbdefault\u00a0\u00bb global_colors_info=\u00a0\u00bb{}\u00a0\u00bb][\/et_pb_divider][\/et_pb_column][\/et_pb_row][\/et_pb_section][et_pb_section fb_built=\u00a0\u00bb1&Prime; admin_label=\u00a0\u00bbVideo &#038; Features\u00a0\u00bb _builder_version=\u00a0\u00bb4.27.4&Prime; _module_preset=\u00a0\u00bbdefault\u00a0\u00bb background_color=\u00a0\u00bb#00002b\u00a0\u00bb background_image=\u00a0\u00bbhttp:\/\/www.agglomed.com\/wp-content\/uploads\/2025\/10\/Salon.png\u00a0\u00bb custom_padding=\u00a0\u00bb18px||0px|||\u00a0\u00bb collapsed=\u00a0\u00bbon\u00a0\u00bb global_colors_info=\u00a0\u00bb{}\u00a0\u00bb][et_pb_row column_structure=\u00a0\u00bb1_2,1_2&Prime; _builder_version=\u00a0\u00bb4.27.4&Prime; _module_preset=\u00a0\u00bbdefault\u00a0\u00bb background_color=\u00a0\u00bb#002115&Prime; module_alignment=\u00a0\u00bbcenter\u00a0\u00bb custom_margin=\u00a0\u00bb|auto||61px||\u00a0\u00bb border_radii=\u00a0\u00bbon|7px|7px|7px|7px\u00a0\u00bb global_colors_info=\u00a0\u00bb{}\u00a0\u00bb][et_pb_column type=\u00a0\u00bb1_2&Prime; _builder_version=\u00a0\u00bb4.25.1&Prime; _module_preset=\u00a0\u00bbdefault\u00a0\u00bb global_colors_info=\u00a0\u00bb{}\u00a0\u00bb][et_pb_heading title=\u00a0\u00bb\u00c0 propos du Salon\u00a0\u00bb _builder_version=\u00a0\u00bb4.27.4&Prime; _module_preset=\u00a0\u00bb885db4d9-997c-4995-a7b7-53c10e610df1&Prime; title_font=\u00a0\u00bbInter|500|on||||||\u00a0\u00bb title_text_color=\u00a0\u00bb#d1d1d1&Prime; title_font_size=\u00a0\u00bb35px\u00a0\u00bb custom_margin=\u00a0\u00bb||10px||false|false\u00a0\u00bb animation_style=\u00a0\u00bbzoom\u00a0\u00bb border_radii=\u00a0\u00bbon|3px|3px|3px|3px\u00a0\u00bb border_width_all=\u00a0\u00bb2px\u00a0\u00bb global_colors_info=\u00a0\u00bb{}\u00a0\u00bb][\/et_pb_heading][et_pb_text _builder_version=\u00a0\u00bb4.27.4&Prime; _module_preset=\u00a0\u00bb4e1b3ff1-54f3-4d1a-8c23-f9028f7b494b\u00a0\u00bb background_color=\u00a0\u00bb#ededed\u00a0\u00bb custom_margin=\u00a0\u00bb3px|3px|3px|3px|true|true\u00a0\u00bb custom_padding=\u00a0\u00bb7px|7px|7px|7px|true|true\u00a0\u00bb border_radii=\u00a0\u00bbon|7px|7px|7px|7px\u00a0\u00bb global_colors_info=\u00a0\u00bb{}\u00a0\u00bb]<\/p>\n<p><b>SALON AFRICAIN DE l\u00b4ECRIVAIN, Cameroun 2026 <\/b><\/p>\n<p><b>Un nouveau souffle pour la pens\u00e9e africaine.<\/b><\/p>\n<p>&nbsp;<\/p>\n<p>Cr\u00e9\u00e9 pour d\u00e9fendre et valoriser la plume africaine et offrir une tribune d\u2019expression aux \u00e9crivains du continent et de la diaspora, <b>le Salon Africain de l\u2019\u00c9crivain<\/b> (SAE) s\u2019est impos\u00e9 au fil des ann\u00e9es comme un espace de rencontre entre auteurs, \u00e9diteurs, lecteurs, chercheurs et institutions culturelles.<\/p>\n<p>Apr\u00e8s une p\u00e9riode de ralentissement li\u00e9e \u00e0 des contraintes institutionnelles et \u00e0 la consolidation de la logistique dans la mise en oeuvre autonome du projet, <b>le Comit\u00e9 de pilotage du SAE annonce la relance officielle des activit\u00e9s du Salon<\/b>, sous une nouvelle orientation ax\u00e9e sur <b>l\u2019ind\u00e9pendance intellectuelle, la collaboration panafricaine et l\u2019innovation culturelle<\/b>.<\/p>\n<p>Cette relance s\u2019inscrit dans une volont\u00e9 ferme de <b>redonner \u00e0 la litt\u00e9rature africaine sa place centrale dans le d\u00e9veloppement des soci\u00e9t\u00e9s du continent<\/b>, en r\u00e9conciliant les \u00e9crivains avec le public, les politiques culturelles et les nouvelles technologies du livre.<\/p>\n<p>Le nouveau cycle du Salon s\u2019ouvrira par une <b>Semaine de R\u00e9sidence Litt\u00e9raire Africaine<\/b>,<span class=\"Apple-converted-space\">\u00a0 <\/span>et se poursuivra du <b>26 janvier au 3 f\u00e9vrier 2026<\/b> \u00e0 <b>Yaound\u00e9 et Maroua<\/b>, avec la participation d\u2019\u00e9crivains, d\u2019\u00e9diteurs, d\u2019universitaires et d\u2019artistes issus de plusieurs horizons.<\/p>\n<p>[\/et_pb_text][\/et_pb_column][et_pb_column type=\u00a0\u00bb1_2&Prime; _builder_version=\u00a0\u00bb4.25.1&Prime; _module_preset=\u00a0\u00bbdefault\u00a0\u00bb global_colors_info=\u00a0\u00bb{}\u00a0\u00bb][et_pb_accordion _builder_version=\u00a0\u00bb4.27.4&Prime; _module_preset=\u00a0\u00bbc83270fd-475c-4797-aefb-b257e897162a\u00a0\u00bb custom_margin=\u00a0\u00bb30px|30px|30px|30px|true|true\u00a0\u00bb custom_padding=\u00a0\u00bb30px|30px|30px|30px|true|true\u00a0\u00bb border_width_all=\u00a0\u00bb1px\u00a0\u00bb global_colors_info=\u00a0\u00bb{%22gcid-9d5d11f9-d654-432d-8206-34ad20a6d54e%22:%91%22toggle_text_color%22,%22toggle_text_color%22,%22toggle_text_color%22,%22toggle_text_color%22%93}\u00a0\u00bb][et_pb_accordion_item title=\u00a0\u00bbLes intervenants\u00a0\u00bb open=\u00a0\u00bbon\u00a0\u00bb icon_color=\u00a0\u00bb#0300b4&Prime; _builder_version=\u00a0\u00bb4.25.1&Prime; _module_preset=\u00a0\u00bb7bd2c585-1e11-4b68-ae1d-36fd13ab72ac\u00a0\u00bb global_colors_info=\u00a0\u00bb{}\u00a0\u00bb]<\/p>\n<p>Hommes et Femmes de culture, Auteurs, Ecrivains, Scientifiques&#8230;<\/p>\n<p>[\/et_pb_accordion_item][et_pb_accordion_item title=\u00a0\u00bbLive Stream\u00a0\u00bb icon_color=\u00a0\u00bb#0300b4&Prime; _builder_version=\u00a0\u00bb4.25.1&Prime; _module_preset=\u00a0\u00bb7bd2c585-1e11-4b68-ae1d-36fd13ab72ac\u00a0\u00bb global_colors_info=\u00a0\u00bb{}\u00a0\u00bb open=\u00a0\u00bboff\u00a0\u00bb]<\/p>\n<p>\u00e0 venir&#8230;<\/p>\n<p>[\/et_pb_accordion_item][et_pb_accordion_item title=\u00a0\u00bbLive Stream\u00a0\u00bb icon_color=\u00a0\u00bb#0300b4&Prime; _builder_version=\u00a0\u00bb4.25.1&Prime; _module_preset=\u00a0\u00bb7bd2c585-1e11-4b68-ae1d-36fd13ab72ac\u00a0\u00bb global_colors_info=\u00a0\u00bb{}\u00a0\u00bb open=\u00a0\u00bboff\u00a0\u00bb]<\/p>\n<p>\u00c0 venir&#8230;<\/p>\n<p>[\/et_pb_accordion_item][et_pb_accordion_item title=\u00a0\u00bbLive Stream\u00a0\u00bb icon_color=\u00a0\u00bb#0300b4&Prime; _builder_version=\u00a0\u00bb4.25.1&Prime; _module_preset=\u00a0\u00bb7bd2c585-1e11-4b68-ae1d-36fd13ab72ac\u00a0\u00bb global_colors_info=\u00a0\u00bb{}\u00a0\u00bb open=\u00a0\u00bboff\u00a0\u00bb]<\/p>\n<p>\u00c0 venir&#8230;<\/p>\n<p>[\/et_pb_accordion_item][\/et_pb_accordion][et_pb_video src=\u00a0\u00bbhttps:\/\/youtu.be\/pKBtVyZTmJQ?si=-kvchLetCb1iSmWy\u00a0\u00bb _builder_version=\u00a0\u00bb4.27.4&Prime; _module_preset=\u00a0\u00bbdefault\u00a0\u00bb global_colors_info=\u00a0\u00bb{}\u00a0\u00bb][\/et_pb_video][\/et_pb_column][\/et_pb_row][\/et_pb_section][et_pb_section fb_built=\u00a0\u00bb1&Prime; admin_label=\u00a0\u00bbCall to Action\u00a0\u00bb _builder_version=\u00a0\u00bb4.27.4&Prime; _module_preset=\u00a0\u00bbdefault\u00a0\u00bb background_color=\u00a0\u00bb#ba4700&Prime; background_image=\u00a0\u00bbhttp:\/\/www.agglomed.com\/wp-content\/uploads\/2025\/11\/Affiche-Salon-Bande-scaled.png\u00a0\u00bb background_size=\u00a0\u00bbcontain\u00a0\u00bb min_height=\u00a0\u00bb337px\u00a0\u00bb custom_margin=\u00a0\u00bb||17px|||\u00a0\u00bb custom_padding=\u00a0\u00bb16px||3px|||\u00a0\u00bb locked=\u00a0\u00bboff\u00a0\u00bb collapsed=\u00a0\u00bbon\u00a0\u00bb global_colors_info=\u00a0\u00bb{%22gcid-9d5d11f9-d654-432d-8206-34ad20a6d54e%22:%91%22background_color%22,%22background_color_gradient_stops%22,%22background_color%22%93,%22gcid-5f63220e-8342-4427-89fa-de1da73c3340%22:%91%22background_color_gradient_stops%22%93,%22gcid-eae5a87c-d221-447d-a731-6f9ad57d2149%22:%91%22background_color_gradient_stops%22%93}\u00a0\u00bb][et_pb_row _builder_version=\u00a0\u00bb4.25.1&Prime; _module_preset=\u00a0\u00bbdefault\u00a0\u00bb global_colors_info=\u00a0\u00bb{}\u00a0\u00bb][et_pb_column type=\u00a0\u00bb4_4&Prime; _builder_version=\u00a0\u00bb4.25.1&Prime; _module_preset=\u00a0\u00bbdefault\u00a0\u00bb global_colors_info=\u00a0\u00bb{}\u00a0\u00bb][et_pb_heading title=\u00a0\u00bbR\u00e9sidences et  Ateliers\u00a0\u00bb _builder_version=\u00a0\u00bb4.27.4&Prime; _module_preset=\u00a0\u00bb5d7442a9-ad1a-4521-9e7b-9b4f6341fd7f\u00a0\u00bb title_level=\u00a0\u00bbh2&Prime; title_text_color=\u00a0\u00bb#FFFFFF\u00a0\u00bb title_font_size=\u00a0\u00bb20px\u00a0\u00bb global_colors_info=\u00a0\u00bb{}\u00a0\u00bb][\/et_pb_heading][\/et_pb_column][\/et_pb_row][et_pb_row _builder_version=\u00a0\u00bb4.27.4&Prime; _module_preset=\u00a0\u00bbdefault\u00a0\u00bb global_colors_info=\u00a0\u00bb{}\u00a0\u00bb][et_pb_column type=\u00a0\u00bb4_4&Prime; _builder_version=\u00a0\u00bb4.27.4&Prime; _module_preset=\u00a0\u00bbdefault\u00a0\u00bb global_colors_info=\u00a0\u00bb{}\u00a0\u00bb][et_pb_button button_url=\u00a0\u00bbhttps:\/\/www.agglomed.com\/?page_id=2110&Prime; button_text=\u00a0\u00bbInscriptions ouvertes\u00a0\u00bb button_alignment=\u00a0\u00bbcenter\u00a0\u00bb _builder_version=\u00a0\u00bb4.27.4&Prime; _module_preset=\u00a0\u00bbf3878368-f52a-4fff-aae7-68e66e214b19&Prime; button_text_size=\u00a0\u00bb17px\u00a0\u00bb button_text_color=\u00a0\u00bb#FFFFFF\u00a0\u00bb button_bg_color=\u00a0\u00bb#002113&Prime; button_border_width=\u00a0\u00bb1px\u00a0\u00bb button_border_radius=\u00a0\u00bb7px\u00a0\u00bb button_font=\u00a0\u00bbInter|||on|||||\u00a0\u00bb background_layout=\u00a0\u00bbdark\u00a0\u00bb global_colors_info=\u00a0\u00bb{}\u00a0\u00bb][\/et_pb_button][\/et_pb_column][\/et_pb_row][\/et_pb_section][et_pb_section fb_built=\u00a0\u00bb1&Prime; admin_label=\u00a0\u00bbFooter\u00a0\u00bb _builder_version=\u00a0\u00bb4.27.4&Prime; _module_preset=\u00a0\u00bbdefault\u00a0\u00bb background_color=\u00a0\u00bbRGBA(255,255,255,0)\u00a0\u00bb background_image=\u00a0\u00bbhttp:\/\/www.agglomed.com\/wp-content\/uploads\/2025\/10\/Capture-decran-2020-07-30-a-01.40.35.png\u00a0\u00bb background_blend=\u00a0\u00bboverlay\u00a0\u00bb min_height=\u00a0\u00bb323px\u00a0\u00bb custom_margin=\u00a0\u00bb-5px|||||\u00a0\u00bb custom_padding=\u00a0\u00bb||18px|||\u00a0\u00bb box_shadow_style=\u00a0\u00bbpreset7&Prime; box_shadow_horizontal=\u00a0\u00bb0px\u00a0\u00bb box_shadow_vertical=\u00a0\u00bb200px\u00a0\u00bb box_shadow_color=\u00a0\u00bb#FFFFFF\u00a0\u00bb saved_tabs=\u00a0\u00bball\u00a0\u00bb collapsed=\u00a0\u00bbon\u00a0\u00bb global_colors_info=\u00a0\u00bb{%22gcid-9d5d11f9-d654-432d-8206-34ad20a6d54e%22:%91%22background_color%22,%22background_color_gradient_stops%22%93,%22gcid-5f63220e-8342-4427-89fa-de1da73c3340%22:%91%22background_color_gradient_stops%22%93}\u00a0\u00bb][et_pb_row column_structure=\u00a0\u00bb3_5,2_5&Prime; custom_padding_last_edited=\u00a0\u00bbon|desktop\u00a0\u00bb _builder_version=\u00a0\u00bb4.27.4&Prime; _module_preset=\u00a0\u00bbdefault\u00a0\u00bb background_color=\u00a0\u00bb#001608&Prime; custom_margin=\u00a0\u00bb||30px||false|false\u00a0\u00bb custom_padding=\u00a0\u00bb0px|37px|0px|37px|true|false\u00a0\u00bb custom_padding_tablet=\u00a0\u00bb30px|30px|30px|30px|true|true\u00a0\u00bb custom_padding_phone=\u00a0\u00bb20px|20px|20px|20px|true|true\u00a0\u00bb border_radii=\u00a0\u00bbon|12px|12px|12px|12px\u00a0\u00bb box_shadow_style=\u00a0\u00bbpreset1&Prime; box_shadow_vertical=\u00a0\u00bb20px\u00a0\u00bb box_shadow_blur=\u00a0\u00bb40px\u00a0\u00bb box_shadow_color=\u00a0\u00bbrgba(0,0,0,0.07)\u00a0\u00bb global_colors_info=\u00a0\u00bb{}\u00a0\u00bb][et_pb_column type=\u00a0\u00bb3_5&Prime; _builder_version=\u00a0\u00bb4.25.1&Prime; _module_preset=\u00a0\u00bbdefault\u00a0\u00bb global_colors_info=\u00a0\u00bb{}\u00a0\u00bb][et_pb_heading title=\u00a0\u00bbRestez connect\u00e9\u00a0\u00bb _builder_version=\u00a0\u00bb4.27.4&Prime; _module_preset=\u00a0\u00bb46fa00a1-3d17-4585-b361-c301dfe11c5b\u00a0\u00bb title_text_color=\u00a0\u00bb#FFFFFF\u00a0\u00bb title_font_size=\u00a0\u00bb34px\u00a0\u00bb custom_margin=\u00a0\u00bb||10px||false|false\u00a0\u00bb global_colors_info=\u00a0\u00bb{}\u00a0\u00bb][\/et_pb_heading][et_pb_text _builder_version=\u00a0\u00bb4.25.1&Prime; _module_preset=\u00a0\u00bb4e1b3ff1-54f3-4d1a-8c23-f9028f7b494b\u00a0\u00bb global_colors_info=\u00a0\u00bb{}\u00a0\u00bb]<\/p>\n<p>Inscrivez-vous pour ne rien manquer<\/p>\n<p>[\/et_pb_text][\/et_pb_column][et_pb_column type=\u00a0\u00bb2_5&Prime; _builder_version=\u00a0\u00bb4.25.1&Prime; _module_preset=\u00a0\u00bbdefault\u00a0\u00bb global_colors_info=\u00a0\u00bb{}\u00a0\u00bb][et_pb_signup first_name_field=\u00a0\u00bboff\u00a0\u00bb last_name_field=\u00a0\u00bboff\u00a0\u00bb button_text=\u00a0\u00bbInscription\u00a0\u00bb _builder_version=\u00a0\u00bb4.27.4&Prime; _module_preset=\u00a0\u00bb2e23e4de-8b17-4e8f-ae03-f17e35295ec4&Prime; global_colors_info=\u00a0\u00bb{}\u00a0\u00bb][\/et_pb_signup][\/et_pb_column][\/et_pb_row][\/et_pb_section]<\/p>\n","protected":false},"excerpt":{"rendered":"<p>Cr\u00e9\u00e9 pour d\u00e9fendre et valoriser la plume africaine et offrir une tribune d\u2019expression aux \u00e9crivains du continent et de la diaspora, le Salon Africain de l\u2019\u00c9crivain (SAE) s\u2019est impos\u00e9 au fil des ann\u00e9es comme un espace de rencontre entre auteurs, \u00e9diteurs, lecteurs, chercheurs et institutions culturelles.\u00a0 Le nouveau cycle du Salon s\u2019ouvrira par une Semaine [&hellip;]<\/p>\n","protected":false},"author":1,"featured_media":0,"parent":0,"menu_order":0,"comment_status":"closed","ping_status":"closed","template":"","meta":{"_et_pb_use_builder":"on","_et_pb_old_content":"","_et_gb_content_width":"","footnotes":""},"class_list":["post-1939","page","type-page","status-publish","hentry"],"_links":{"self":[{"href":"https:\/\/www.agglomed.com\/index.php?rest_route=\/wp\/v2\/pages\/1939","targetHints":{"allow":["GET"]}}],"collection":[{"href":"https:\/\/www.agglomed.com\/index.php?rest_route=\/wp\/v2\/pages"}],"about":[{"href":"https:\/\/www.agglomed.com\/index.php?rest_route=\/wp\/v2\/types\/page"}],"author":[{"embeddable":true,"href":"https:\/\/www.agglomed.com\/index.php?rest_route=\/wp\/v2\/users\/1"}],"replies":[{"embeddable":true,"href":"https:\/\/www.agglomed.com\/index.php?rest_route=%2Fwp%2Fv2%2Fcomments&post=1939"}],"version-history":[{"count":110,"href":"https:\/\/www.agglomed.com\/index.php?rest_route=\/wp\/v2\/pages\/1939\/revisions"}],"predecessor-version":[{"id":2401,"href":"https:\/\/www.agglomed.com\/index.php?rest_route=\/wp\/v2\/pages\/1939\/revisions\/2401"}],"wp:attachment":[{"href":"https:\/\/www.agglomed.com\/index.php?rest_route=%2Fwp%2Fv2%2Fmedia&parent=1939"}],"curies":[{"name":"wp","href":"https:\/\/api.w.org\/{rel}","templated":true}]}}